{"id":3910,"date":"2022-06-16T12:38:04","date_gmt":"2022-06-16T12:38:04","guid":{"rendered":"https:\/\/2020.sfdbeta.be\/services\/branding\/"},"modified":"2025-10-05T14:08:15","modified_gmt":"2025-10-05T14:08:15","slug":"agence-de-branding","status":"publish","type":"page","link":"https:\/\/savoirfaire.digital\/fr\/services\/agence-de-branding\/","title":{"rendered":"Agence de branding"},"content":{"rendered":"<p>Nous mettons en \u0153uvre votre identit\u00e9 avec coh\u00e9rence et strat\u00e9gie sur tous vos supports de communication. En fournissant une charte graphique compl\u00e8te, nous assurons une uniformit\u00e9 visuelle \u00e0 travers vos canaux tout en vous permettant de g\u00e9rer et d\u2019adapter votre branding de mani\u00e8re autonome, tout en conservant sa coh\u00e9rence.Nous mettons en \u0153uvre votre identit\u00e9 avec coh\u00e9rence et strat\u00e9gie sur tous vos supports de communication. En fournissant une charte graphique compl\u00e8te, nous assurons une uniformit\u00e9 visuelle \u00e0 travers vos canaux tout en vous permettant de g\u00e9rer et d\u2019adapter votre branding de mani\u00e8re autonome, tout en conservant sa coh\u00e9rence.<\/p>\n","protected":false},"excerpt":{"rendered":"<p>Nous mettons en \u0153uvre votre identit\u00e9 avec coh\u00e9rence et strat\u00e9gie sur tous vos supports de communication. En fournissant une charte graphique compl\u00e8te, nous assurons une uniformit\u00e9 visuelle \u00e0 travers vos canaux tout en vous permettant de g\u00e9rer et d\u2019adapter votre branding de mani\u00e8re autonome, tout en conservant sa coh\u00e9rence.Nous mettons en \u0153uvre votre identit\u00e9 avec [&hellip;]<\/p>\n","protected":false},"author":3,"featured_media":0,"parent":3909,"menu_order":0,"comment_status":"closed","ping_status":"closed","template":"templates\/template-service-2.php","meta":{"_acf_changed":false,"footnotes":""},"class_list":["post-3910","page","type-page","status-publish","hentry"],"acf":[],"_links":{"self":[{"href":"https:\/\/savoirfaire.digital\/fr\/wp-json\/wp\/v2\/pages\/3910","targetHints":{"allow":["GET"]}}],"collection":[{"href":"https:\/\/savoirfaire.digital\/fr\/wp-json\/wp\/v2\/pages"}],"about":[{"href":"https:\/\/savoirfaire.digital\/fr\/wp-json\/wp\/v2\/types\/page"}],"author":[{"embeddable":true,"href":"https:\/\/savoirfaire.digital\/fr\/wp-json\/wp\/v2\/users\/3"}],"replies":[{"embeddable":true,"href":"https:\/\/savoirfaire.digital\/fr\/wp-json\/wp\/v2\/comments?post=3910"}],"version-history":[{"count":1,"href":"https:\/\/savoirfaire.digital\/fr\/wp-json\/wp\/v2\/pages\/3910\/revisions"}],"predecessor-version":[{"id":5339,"href":"https:\/\/savoirfaire.digital\/fr\/wp-json\/wp\/v2\/pages\/3910\/revisions\/5339"}],"up":[{"embeddable":true,"href":"https:\/\/savoirfaire.digital\/fr\/wp-json\/wp\/v2\/pages\/3909"}],"wp:attachment":[{"href":"https:\/\/savoirfaire.digital\/fr\/wp-json\/wp\/v2\/media?parent=3910"}],"curies":[{"name":"wp","href":"https:\/\/api.w.org\/{rel}","templated":true}]}}